{"id":35,"date":"2012-12-11T23:32:12","date_gmt":"2012-12-11T22:32:12","guid":{"rendered":"http:\/\/lago-ev.de\/wordpress\/?page_id=35"},"modified":"2026-01-15T10:09:58","modified_gmt":"2026-01-15T09:09:58","slug":"impressum","status":"publish","type":"page","link":"https:\/\/lago-ev.de\/?page_id=35","title":{"rendered":"Impressum"},"content":{"rendered":"<p>Ansprechpartner und verantwortlich nach dem Teledienstgesetzt f\u00fcr den Inhalt dieser Seite ist:<\/p>\n<p>Kulturverein Lago Alfredo &#8211; Club kultureller Notwendigkeit e.V.<br \/>\nIm M\u00fcnsterfeld 15<br \/>\n65618 Selters<br \/>\nTelefon: 06483\/806099<br \/>\nTelefax: 06483\/806052<br \/>\nE-Mail: vorstand@lago-ev.de<\/p>\n<p><strong>Gemeinschaftlich vertretungsbefugt gem\u00e4\u00df \u00a7 26 BGB<\/strong><u><\/u><u><\/u><strong>:<\/strong><br \/>\nPatrik Hofmann (1. Vorsitzender)<br \/>\nDaniel Hautzel (2. Vorsitzender)<br \/>\nJulian J\u00f6ckel (1. Schatzmeister)<br \/>\nManuel Schaaf (Schriftf\u00fchrer)<br \/>\nDominik Datum (1. Beisitzer)<\/p>\n<p><strong>dem erweiterten Vorstand geh\u00f6ren an:<\/strong><br \/>\nTiuna Hollricher (2. Schatzmeisterin)<br \/>\nAlexander Falk (2. Schriftf\u00fchrer)<br \/>\nAndr\u00e9 Stahl (Referent f\u00fcr \u00d6ffentlichkeitsarbeit)<br \/>\nSteffen Daniel (2. Beisitzer)<\/p>\n<p>Registergericht: Amtsgericht Limburg a. d. Lahn<br \/>\nRegisternummer: VR 2107<\/p>\n<p><strong>Haftungsweise:<\/strong><br \/>\nTrotz sorgf\u00e4ltiger inhaltlicher Kontrolle \u00fcbernehmen wir keine Haftung f\u00fcr die Inhalte externer Links. F\u00fcr den Inhalt der verlinkten Seiten sind ausschlie\u00dflich deren Betreiber verantwortlich.<br \/>\nDie Verwendung der Kontaktdaten des Impressums zur gewerblichen Werbung ist ausdr\u00fccklich nicht erw\u00fcnscht, es sei denn der Anbieter hatte zuvor seine schriftliche Einwilligung erteilt oder es besteht bereits eine Gesch\u00e4ftsbeziehung. Der Anbieter und alle auf dieser Website genannten Personen widersprechen hiermit jeder kommerziellen Verwendung und Weitergabe ihrer Daten.<\/p>\n<p><strong>Auskunftsrechte:<br \/>\n<\/strong>Auskunftsrechte k\u00f6nnen schriftlich oder per E-Mail gegen\u00fcber den im Impressum genannten Stellen geltend gemacht werden. Dies gilt auch f\u00fcr Widerspr\u00fcche zu einer erteilten Einwilligungserkl\u00e4rung.<\/p>\n<p>Dieses Impressum gilt auch f\u00fcr die Facebook-Seite des Kulturvereins unter <a href=\"https:\/\/www.facebook.com\/mzhmuenster\" data-saferedirecturl=\"https:\/\/www.google.com\/url?q=https:\/\/www.facebook.com\/mzhmuenster&amp;source=gmail&amp;ust=1550755360708000&amp;usg=AFQjCNHnvPrFVbJIGjDBiKieE30gOSD-Dg\">https:\/\/www.facebook.com\/seepogo<\/a>.<\/p>\n","protected":false},"excerpt":{"rendered":"<p>Ansprechpartner und verantwortlich nach dem Teledienstgesetzt f\u00fcr den Inhalt dieser Seite ist: Kulturverein Lago Alfredo &#8211; Club kultureller Notwendigkeit e.V. Im M\u00fcnsterfeld 15 65618 Selters Telefon: 06483\/806099 Telefax: 06483\/806052 E-Mail: vorstand@lago-ev.de Gemeinschaftlich vertretungsbefugt gem\u00e4\u00df \u00a7 26 BGB: Patrik Hofmann (1. &hellip; <a href=\"https:\/\/lago-ev.de\/?page_id=35\">Weiterlesen <span class=\"meta-nav\">&rarr;<\/span><\/a><\/p>\n","protected":false},"author":1,"featured_media":0,"parent":0,"menu_order":9,"comment_status":"closed","ping_status":"closed","template":"","meta":{"ngg_post_thumbnail":0,"footnotes":""},"class_list":["post-35","page","type-page","status-publish","hentry"],"_links":{"self":[{"href":"https:\/\/lago-ev.de\/index.php?rest_route=\/wp\/v2\/pages\/35","targetHints":{"allow":["GET"]}}],"collection":[{"href":"https:\/\/lago-ev.de\/index.php?rest_route=\/wp\/v2\/pages"}],"about":[{"href":"https:\/\/lago-ev.de\/index.php?rest_route=\/wp\/v2\/types\/page"}],"author":[{"embeddable":true,"href":"https:\/\/lago-ev.de\/index.php?rest_route=\/wp\/v2\/users\/1"}],"replies":[{"embeddable":true,"href":"https:\/\/lago-ev.de\/index.php?rest_route=%2Fwp%2Fv2%2Fcomments&post=35"}],"version-history":[{"count":12,"href":"https:\/\/lago-ev.de\/index.php?rest_route=\/wp\/v2\/pages\/35\/revisions"}],"predecessor-version":[{"id":1213,"href":"https:\/\/lago-ev.de\/index.php?rest_route=\/wp\/v2\/pages\/35\/revisions\/1213"}],"wp:attachment":[{"href":"https:\/\/lago-ev.de\/index.php?rest_route=%2Fwp%2Fv2%2Fmedia&parent=35"}],"curies":[{"name":"wp","href":"https:\/\/api.w.org\/{rel}","templated":true}]}}